{"id":677,"date":"2015-06-29T13:28:48","date_gmt":"2015-06-29T13:28:48","guid":{"rendered":"http:\/\/www.alpwirtschaft.ch\/?page_id=677"},"modified":"2025-06-02T14:53:55","modified_gmt":"2025-06-02T14:53:55","slug":"fr","status":"publish","type":"page","link":"https:\/\/www.alpwirtschaft.ch\/fr\/societe\/sections-cantonales\/fr\/","title":{"rendered":"FR"},"content":{"rendered":"<p><strong>Soci\u00e9t\u00e9 fribourgeoise d\u2019\u00e9conomie alpestre<br \/>\n<a href=\"https:\/\/www.agrifribourg.ch\/fr\/services\/societe-fribourgeoise-deconomie-alpestre\" target=\"_blank\" rel=\"noopener\">https:\/\/www.agrifribourg.ch\/fr\/services\/societe-fribourgeoise-deconomie-alpestre<\/a><\/strong><\/p>\n<p>Pr\u00e4sident:<\/p>\n<p>Jean-Fran\u00e7ois Borcard<br \/>\n<a href=\"mailto:jean-francois.borcard@bluewin.ch\"><strong>E-mail<\/strong><\/a><\/p>\n<p>Direction:<\/p>\n<p>Fr\u00e9d\u00e9ric M\u00e9n\u00e9trey<br \/>\n<a href=\"mailto:frederic.menetrey@upf-fbv.ch\"><strong>E-mail<\/strong><\/a><br \/>\n026 467 30 05<\/p>\n<p>Secr\u00e9tariat:<\/p>\n<p>Nicole Neuhaus<br \/>\n<a href=\"mailto:nicole.neuhaus@agrifribourg.ch\"><strong>E-mail<\/strong><\/a><br \/>\n026 467 30 12<\/p>\n<p>Vous trouverez d&rsquo;autres points de contact (vulgarisation en \u00e9conomie alpestre des cantons, conseil en fromagerie d&rsquo;alpage, etc.) sur <a href=\"https:\/\/themes.agripedia.ch\/fr\/economie-alpestre-contacts\/\" target=\"_blank\" rel=\"noopener\"><strong>le portail d&rsquo;informations sur l&rsquo;\u00e9conomie alpestre<\/strong><\/a>.<\/p>\n","protected":false},"excerpt":{"rendered":"<p>Soci\u00e9t\u00e9 fribourgeoise d\u2019\u00e9conomie alpestre https:\/\/www.agrifribourg.ch\/fr\/services\/societe-fribourgeoise-deconomie-alpestre Pr\u00e4sident: Jean-Fran\u00e7ois Borcard E-mail Direction: Fr\u00e9d\u00e9ric M\u00e9n\u00e9trey E-mail 026 467 30 05 Secr\u00e9tariat: Nicole Neuhaus E-mail 026 467 30 12 Vous trouverez d&rsquo;autres points de contact (vulgarisation en \u00e9conomie alpestre des cantons, conseil en fromagerie d&rsquo;alpage, etc.) sur le portail d&rsquo;informations sur l&rsquo;\u00e9conomie alpestre.<\/p>\n","protected":false},"author":5,"featured_media":0,"parent":664,"menu_order":0,"comment_status":"closed","ping_status":"closed","template":"template-fullwidth.php","meta":{"ngg_post_thumbnail":0,"footnotes":""},"class_list":["post-677","page","type-page","status-publish","hentry"],"_links":{"self":[{"href":"https:\/\/www.alpwirtschaft.ch\/fr\/wp-json\/wp\/v2\/pages\/677","targetHints":{"allow":["GET"]}}],"collection":[{"href":"https:\/\/www.alpwirtschaft.ch\/fr\/wp-json\/wp\/v2\/pages"}],"about":[{"href":"https:\/\/www.alpwirtschaft.ch\/fr\/wp-json\/wp\/v2\/types\/page"}],"author":[{"embeddable":true,"href":"https:\/\/www.alpwirtschaft.ch\/fr\/wp-json\/wp\/v2\/users\/5"}],"replies":[{"embeddable":true,"href":"https:\/\/www.alpwirtschaft.ch\/fr\/wp-json\/wp\/v2\/comments?post=677"}],"version-history":[{"count":10,"href":"https:\/\/www.alpwirtschaft.ch\/fr\/wp-json\/wp\/v2\/pages\/677\/revisions"}],"predecessor-version":[{"id":6745,"href":"https:\/\/www.alpwirtschaft.ch\/fr\/wp-json\/wp\/v2\/pages\/677\/revisions\/6745"}],"up":[{"embeddable":true,"href":"https:\/\/www.alpwirtschaft.ch\/fr\/wp-json\/wp\/v2\/pages\/664"}],"wp:attachment":[{"href":"https:\/\/www.alpwirtschaft.ch\/fr\/wp-json\/wp\/v2\/media?parent=677"}],"curies":[{"name":"wp","href":"https:\/\/api.w.org\/{rel}","templated":true}]}}